{"id":964,"date":"2016-03-31T09:12:31","date_gmt":"2016-03-31T09:12:31","guid":{"rendered":"http:\/\/wp.imithemes.com\/gaea-pb\/?page_id=964"},"modified":"2025-01-19T15:17:46","modified_gmt":"2025-01-19T14:17:46","slug":"home","status":"publish","type":"page","link":"https:\/\/naturemwelt-nordstad.lu\/","title":{"rendered":"Home"},"content":{"rendered":"<div id=\"pl-964\"  class=\"panel-layout\" ><div id=\"pg-964-0\"  class=\"panel-grid panel-has-style\" ><div class=\"border-bottom wave-bg siteorigin-panels-stretch panel-row-style panel-row-style-for-964-0\" data-stretch-type=\"full\" ><div id=\"pgc-964-0-0\"  class=\"panel-grid-cell\" ><div id=\"panel-964-0-0-0\" class=\"so-panel widget widget_event-list-future-past-widget panel-first-child\" data-index=\"0\" ><div\n\t\t\t\n\t\t\tclass=\"so-widget-event-list-future-past-widget so-widget-event-list-future-past-widget-base\"\n\t\t\t\n\t\t>  <div class=\"events-listing\" id=\"ajax_events\">\n    <div class=\"listing-header\">\n      <a href=\"javascript:\" class=\"pastevents btn btn-default pull-right btn-sm\" rel=\"\" id=\"past-6\">Vergaangen Aktivit\u00e9iten<\/a>\n      <h2 class=\"title \">N\u00e4chst Aktivit\u00e9iten<\/h2>\n    <\/div>\n    <ul class=\"upcoming-events listing-content\">\n                <li>\n            <a href=\"https:\/\/naturemwelt-nordstad.lu\/?event=naturausflug-3&#038;event_date=2026-05-01\" class=\"event-details-btn\"><i class=\"fa fa-angle-right\"><\/i><\/a>\n            <img decoding=\"async\" src=\"https:\/\/naturemwelt-nordstad.lu\/wp-content\/uploads\/2026\/01\/Ditgesbaach_Hierscht-80x80.jpg\" class=\"img-thumbnail event-thumb wp-post-image\" alt=\"\" srcset=\"https:\/\/naturemwelt-nordstad.lu\/wp-content\/uploads\/2026\/01\/Ditgesbaach_Hierscht-80x80.jpg 80w, https:\/\/naturemwelt-nordstad.lu\/wp-content\/uploads\/2026\/01\/Ditgesbaach_Hierscht-150x150.jpg 150w, https:\/\/naturemwelt-nordstad.lu\/wp-content\/uploads\/2026\/01\/Ditgesbaach_Hierscht-100x100.jpg 100w\" sizes=\"(max-width: 80px) 100vw, 80px\" \/>            <span class=\"event-date\" >\n              <span class=\"day\">01<\/span>\n              <span class=\"monthyear\">Mai, 26<\/span>\n            <\/span>\n            <div class=\"event-excerpt\">\n              <div class=\"event-cats meta-data\"><a href=\"https:\/\/naturemwelt-nordstad.lu\/?event-category=wanderen\" rel=\"tag\">Wanderen<\/a><\/div>\n              <h5 class=\"event-title\"><a href=\"https:\/\/naturemwelt-nordstad.lu\/?event=naturausflug-3&#038;event_date=2026-05-01\">Naturausflug<\/a><\/h5>\n              <p class=\"event-inline-date\"><i class=\"fa fa-clock-o\"><\/i> 1. Mai 2026<\/p>                <p class=\"event-location\"><i class=\"fa fa-map-marker\"><\/i> Rue du Cimetiere, L-9012 Ettelbr\u00fcck<\/p>            <\/div>\n          <\/li>          <li>\n            <a href=\"https:\/\/naturemwelt-nordstad.lu\/?event=orchideenwanderung&#038;event_date=2026-05-24\" class=\"event-details-btn\"><i class=\"fa fa-angle-right\"><\/i><\/a>\n            <img decoding=\"async\" src=\"https:\/\/naturemwelt-nordstad.lu\/wp-content\/uploads\/2026\/01\/Orchidee-80x80.jpeg\" class=\"img-thumbnail event-thumb wp-post-image\" alt=\"\" srcset=\"https:\/\/naturemwelt-nordstad.lu\/wp-content\/uploads\/2026\/01\/Orchidee-80x80.jpeg 80w, https:\/\/naturemwelt-nordstad.lu\/wp-content\/uploads\/2026\/01\/Orchidee-150x150.jpeg 150w, https:\/\/naturemwelt-nordstad.lu\/wp-content\/uploads\/2026\/01\/Orchidee-100x100.jpeg 100w\" sizes=\"(max-width: 80px) 100vw, 80px\" \/>            <span class=\"event-date\" >\n              <span class=\"day\">24<\/span>\n              <span class=\"monthyear\">Mai, 26<\/span>\n            <\/span>\n            <div class=\"event-excerpt\">\n              <div class=\"event-cats meta-data\"><a href=\"https:\/\/naturemwelt-nordstad.lu\/?event-category=aktiviteir\" rel=\"tag\">Familljen-Aktivit\u00e9it<\/a><\/div>\n              <h5 class=\"event-title\"><a href=\"https:\/\/naturemwelt-nordstad.lu\/?event=orchideenwanderung&#038;event_date=2026-05-24\">Orchideenwanderung<\/a><\/h5>\n              <p class=\"event-inline-date\"><i class=\"fa fa-clock-o\"><\/i> 24. Mai 2026<\/p>                <p class=\"event-location\"><i class=\"fa fa-map-marker\"><\/i> Herrenberg, Diekirch<\/p>            <\/div>\n          <\/li>    <\/ul>\n  <\/div>\n<\/div><\/div><div id=\"panel-964-0-0-1\" class=\"so-panel widget widget_tabs-widget panel-last-child\" data-index=\"1\" ><div\n\t\t\t\n\t\t\tclass=\"so-widget-tabs-widget so-widget-tabs-widget-base\"\n\t\t\t\n\t\t><div class=\"tabs\">\n    <ul class=\"nav nav-tabs\">\n    \t            <li class=\"active\"> <a data-toggle=\"tab\" href=\"#sampletab_0\">natur &amp; \u00ebmwelt Nordstad<\/a> <\/li><li class=\"\"> <a data-toggle=\"tab\" href=\"#sampletab_1\">UNESCO-Weltkulturierwen<\/a> <\/li><li class=\"\"> <a data-toggle=\"tab\" href=\"#sampletab_2\">Generalversammlung<\/a> <\/li>        <\/ul>\n    <div class=\"tab-content\">\n    <div id=\"sampletab_0\" class=\"tab-pane active\"><p><img loading=\"lazy\" decoding=\"async\" class=\"alignright size-full wp-image-10\" style=\"margin-top: -20px\" src=\"\/\/naturemwelt-nordstad.lu\/wp-content\/uploads\/2018\/04\/2011-03-23-Aktivit\u00e9it_Waarkdall-38.jpg\" alt=\"img_mission\" width=\"300\" height=\"200\" \/><\/p>\n<p>D'Sektioun natur&amp;\u00ebmwelt Nordstad besteet aus Fr\u00e4iw\u00ebllegen, d\u00e9i sech fir den Naturschutz an de Gemengen vun der Nordstad asetzen. Mir engag\u00e9ieren eis fir d'Erhale vun der Biodiversit\u00e9it an den Aarteschutz an enger eenzegaarteger Natur- a Kulturlandschaft.<\/p>\n<p>Fir dat Ziel ze erreechen, organis\u00e9iere mer dat ganzt Joer iwwer Aktivit\u00e9iten a Weiderbildungen zum Theema Naturschutz (Chantiers Nature, Vigelber\u00e9ngungen, gef\u00e9iert Wanderungen, Uplanzungen, Uebstbeemschn\u00ebttcoursen, Waasserm\u00e4relsk\u00ebschtekontroll, Krautw\u00ebsche bannen a villes m\u00e9i...), bei deenen interess\u00e9iert Bierger h\u00e4erzlech w\u00ebllkomm s\u00ebnn.<\/p>\n<p>Mir bidden och vill familljefr\u00ebndlech Aktivit\u00e9iten un. Mir f\u00e9ieren och all Joers Zielunge vu Kormoranen op der M\u00ebttelsauer duerch. Ausserdeem k\u00ebmmere mir eis \u00ebm d'Rettung an d'Fleeg vu bless\u00e9ierte Vullen an anere W\u00eblld\u00e9ieren a sti jiddwerengem, dee Froen zur Natur huet, g\u00e4r mat Rot an Dot zur S\u00e4it.<\/p>\n<p>Mir setzen eis net n\u00ebmme fir den Naturschutz an, mee mir w\u00ebllen och deenen Interess\u00e9ierten d'Freed an de Genoss un der Natur m\u00e9i nobr\u00e9ngen. Falls Dir interess\u00e9iert sidd un eisen Aktivit\u00e9iten deelzehuelen oder Froen am Zesummenhang mat der Natur hutt, fannt Dir eis Kontaktdaten an Aktivit\u00e9iten hei um Site.<\/p>\n<p>Mir free\u00ebn eis op all Fr\u00e4iw\u00eblleg, d\u00e9i sech engag\u00e9iere w\u00ebllen a Freed un der Natur hunn.<\/p>\n<a class=\"btn btn-default  \" href=\"https:\/\/naturemwelt-nordstad.lu\/index.php\/iwwer-eis\/#page-4809\" target=\"_self\" >Publikatiounen<\/a>\n<\/div><div id=\"sampletab_1\" class=\"tab-pane \"><div class=\"\">\n<div id=\"jsc_c_54\" class=\"ecm0bbzt hv4rvrfc ihqw7lf3 dati1w0a\">\n<div class=\"j83agx80 cbu4d94t ew0dbk1b irj2b8pg\">\n<div class=\"qzhwtbm6 knvmm38d\">\n<div class=\"kvgmc6g5 cxmmr5t8 oygrvhab hcukyx3x c1et5uql ii04i59q\">\n<div><img loading=\"lazy\" decoding=\"async\" class=\"alignright wp-image-3551\" src=\"https:\/\/naturemwelt-nordstad.lu\/wp-content\/uploads\/2020\/12\/127537761_2771751076425050_3914158993321443703_o.jpg\" alt=\"\" width=\"508\" height=\"350\" srcset=\"https:\/\/naturemwelt-nordstad.lu\/wp-content\/uploads\/2020\/12\/127537761_2771751076425050_3914158993321443703_o.jpg 785w, https:\/\/naturemwelt-nordstad.lu\/wp-content\/uploads\/2020\/12\/127537761_2771751076425050_3914158993321443703_o-300x206.jpg 300w, https:\/\/naturemwelt-nordstad.lu\/wp-content\/uploads\/2020\/12\/127537761_2771751076425050_3914158993321443703_o-768x528.jpg 768w\"  sizes=\"(max-width: 508px) 100vw, 508px\" \/>Mir hunn eng immens flott Noriicht:<\/div>\n<p>&nbsp;<\/p>\n<div><\/div>\n<div>Eis bel\u00e9iften Traditioun vum L\u00e9iffraw\u00ebschdag gouf no enger Ufro vun eiser S\u00e4it mat der H\u00ebllef vum Kulturministerium an der \u00cbnnerst\u00ebtzung vun natur&amp;\u00ebmwelt, der Greiweldenger Leit a.s.b.l. an dem Erzbistum den 29. Oktober 2020 op den nationalen Inventar vum immaterielle Kulturierwe vum Groussherzogtum L\u00ebtzebuerg opgeholl.<\/div>\n<div><\/div>\n<p>&nbsp;<\/p>\n<\/div>\n<div>Weider Informatiounen fannt Dir \u00ebnnert d\u00ebsem Link:<\/div>\n<div class=\"o9v6fnle cxmmr5t8 oygrvhab hcukyx3x c1et5uql ii04i59q\">\n<div><span style=\"color: #3366ff\"><a class=\"oajrlxb2 g5ia77u1 qu0x051f esr5mh6w e9989ue4 r7d6kgcz rq0escxv nhd2j8a9 nc684nl6 p7hjln8o kvgmc6g5 cxmmr5t8 oygrvhab hcukyx3x jb3vyjys rz4wbd8a qt6c0cv9 a8nywdso i1ao9s8h esuyzwwr f1sip0of lzcic4wl py34i1dx gpro0wi8\" style=\"color: #3366ff\" href=\"http:\/\/www.iki.lu\/post\/show\/11?fbclid=IwAR0Z9viGqIMsD_1znVsJJipzSYvzkj-7mJvIXBk6jy6oJy-vY-n3ZHyhlu0\" target=\"_blank\" rel=\"nofollow noopener\">http:\/\/www.iki.lu\/post\/show\/11<\/a><\/span><\/div>\n<div><\/div>\n<p>&nbsp;<\/p>\n<\/div>\n<\/div>\n<div><strong>Arr\u00eat\u00e9 L\u00e9iffraw\u00ebschdag<\/strong><\/div>\n<\/div>\n<\/div>\n<\/div>\n<div><a href=\"https:\/\/naturemwelt-nordstad.lu\/wp-content\/uploads\/2020\/12\/IKI-2020-Arrete-Leiffraweschdag.pdf\" target=\"_blank\" rel=\"noopener\"><img loading=\"lazy\" decoding=\"async\" class=\"alignleft wp-image-3548\" src=\"https:\/\/naturemwelt-nordstad.lu\/wp-content\/uploads\/2020\/12\/Arrete.png\" alt=\"\" width=\"137\" height=\"165\" srcset=\"https:\/\/naturemwelt-nordstad.lu\/wp-content\/uploads\/2020\/12\/Arrete.png 623w, https:\/\/naturemwelt-nordstad.lu\/wp-content\/uploads\/2020\/12\/Arrete-250x300.png 250w\"  sizes=\"(max-width: 137px) 100vw, 137px\" \/><\/a><\/div>\n<\/div><div id=\"sampletab_2\" class=\"tab-pane \">E Freiden, den 22. M\u00e4erz konnte mir zu Dikrech eis Generalversammlung ofhalen.\n\nDe Guy Klein huet eis ee flotte Film iwwert eis Aktivit\u00e9ite vum leschten Joer gewisen.\n\nDen Highlight war de Virtrag iwwer d'W\u00eblld\u00e9ierestatioun zu Diddeleng.\n\n&nbsp;\n\n<div class=\"row\">\n            <div class=\"col-md-12\"><h3 class=\"title\"><i class=\"fa fa-folder\"><\/i> 2024_03_22_Generalversammlung<\/h3><ul class=\"grid-holder col-2 gallery-grid sort-destination\" data-sort-id=\"gallery\"><\/ul><\/div><\/div><\/div>    <\/div>\n<\/div><\/div><\/div><\/div><\/div><\/div><div id=\"pg-964-1\"  class=\"panel-grid panel-no-style\" ><div id=\"pgc-964-1-0\"  class=\"panel-grid-cell panel-grid-cell-empty\" ><\/div><\/div><div id=\"pg-964-2\"  class=\"panel-grid panel-no-style\" ><div id=\"pgc-964-2-0\"  class=\"panel-grid-cell panel-grid-cell-mobile-last\" ><div id=\"panel-964-2-0-0\" class=\"so-panel widget widget_title-widget panel-first-child\" data-index=\"2\" ><div\n\t\t\t\n\t\t\tclass=\"so-widget-title-widget so-widget-title-widget-base\"\n\t\t\t\n\t\t><a href=\"https:\/\/naturemwelt-nordstad.lu\/index.php\/blog\/\" class=\"btn btn-default pull-right\">Blog<\/a><h2 class=\"title\">\nNeiegkeeten<\/h2>\n<\/div><\/div><div id=\"panel-964-2-0-1\" class=\"so-panel widget widget_black-studio-tinymce widget_black_studio_tinymce panel-last-child\" data-index=\"3\" ><div class=\"textwidget\"><p>        <style type=\"text\/css\">\n                .fts-facebook-add-more-posts-notice {\n            display: none !important;\n        }\n        \n        <\/style><div class=\"fts-jal-fb-header\"><div class=\"fts-jal-fb-group-header-desc\"><\/div><\/div><div class=\"fts-jal-fb-group-display fts-simple-fb-wrapper feed_dynamic_classpdajsefoix_page\"><div class='fts-fb-photo-post-wrap fts-jal-single-fb-post' ><div  class=\"fts-jal-fb-right-wrap\"><div class=\"fts-jal-fb-top-wrap \"><div class=\"fts-jal-fb-user-thumb\"><a href=\"https:\/\/www.facebook.com\/2000650816868417\" target=\"_blank\" rel=\"noreferrer\"><img decoding=\"async\" border=\"0\" alt=\"Natur&amp;\u00ebmwelt Nordstad-Sektioun\" src=\"https:\/\/scontent-mrs2-3.xx.fbcdn.net\/v\/t39.30808-1\/316412150_506296741527988_5112848204326223695_n.jpg?stp=cp0_dst-jpg_s50x50_tt6&amp;_nc_cat=111&amp;ccb=1-7&amp;_nc_sid=f907e8&amp;_nc_ohc=ukxQEyGv6kQQ7kNvwEpXH2s&amp;_nc_oc=Ado5D5D3DHit8A28TH3hoFGCZKzyU5K0mutWN2yRErEsSjqOzgy15ktZxxTefzYq51s&amp;_nc_zt=24&amp;_nc_ht=scontent-mrs2-3.xx&amp;edm=AJdBtusEAAAA&amp;_nc_gid=pcnkffl3FmJvcEfFb7JOow&amp;_nc_tpa=Q5bMBQFMLWDIeN8W7BmGMsgD82nG1VfaCZ5BPdPBvsjUcf1cJBwH4rmmGA_ccFP5O87pEzsfp2LmGiBk8g&amp;oh=00_Af0dRmL2FEO9fhxOt9Uut8FzbLhtorSpdzaBaKPiQRTncQ&amp;oe=69F8D26B\"\/><\/a><\/div><span class=\"fts-jal-fb-user-name\"><a href=\"https:\/\/www.facebook.com\/2000650816868417\" target=\"_blank\" rel=\"noreferrer\">Natur&amp;\u00ebmwelt Nordstad-Sektioun<\/a><\/span><span class=\"fts-jal-fb-post-time\">1 Tag zuvor<\/span><div class=\"fts-clear\"><\/div><div class=\"fts-jal-fb-message\">Eis 1.-Mee-Wanderung ass d\u00ebst Joer zesumme mat der Fondation H\u00ebllef fir d'Natur an der Ditgesbaach bei Ettelbr\u00e9ck. Treffpunkt ass um 9:30 Auer beim Parking vum Kierfecht zu Ettelbr\u00e9ck (Rue du Cimetiere, L-9012).<br \/>\n<br \/>\nUmellen k\u00ebnnt der iech per Mail un <a href=\"mailto:comite@naturemwelt-nordstad.lu\">comite@naturemwelt-nordstad.lu<\/a> oder per Telefon op 621650470. Br\u00e9ngt Wanderschung, ee Fernglas an een klengen Picknick mat. Mir free\u00ebn eis op Iech. \u00c4re Comit\u00e9 \ud83c\udf33<br \/>\n<br \/>\n<a href=\"https:\/\/naturemwelt-nordstad.lu\/?event=naturausflug-3&event_date=2026-05-01\" target=\"_blank\" rel=\"noreferrer\">https:\/\/naturemwelt-nordstad.lu\/?event=naturausflug-3&event_date=2026-05-01<\/a><div class=\"fts-clear\"><\/div><\/div><\/div><div class=\"fts-jal-fb-link-wrap fts-album-photos-wrap\"><a href=\"https:\/\/www.facebook.com\/photo.php?fbid=1399979895492997&#038;set=a.459766576181005&#038;type=3\" target=\"_blank\" rel=\"noreferrer\" class=\"fts-jal-fb-picture\"><img decoding=\"async\" border=\"0\" alt=\"Natur&amp;\u00ebmwelt Nordstad-Sektioun\" src=\"https:\/\/scontent-mrs2-3.xx.fbcdn.net\/v\/t39.30808-6\/683771089_1399979898826330_8884704884971322711_n.jpg?stp=dst-jpg_p720x720_tt6&#038;_nc_cat=102&#038;ccb=1-7&#038;_nc_sid=7b2446&#038;_nc_ohc=yNpdrdYNIrkQ7kNvwG9lA27&#038;_nc_oc=AdpBPXAAZFP-s_YbqKNuJ2o90kcHLD_J0aQ9uOpmWGqPrGNJ1MeZp6FEdU7Edgvvp_4&#038;_nc_zt=23&#038;_nc_ht=scontent-mrs2-3.xx&#038;edm=AKIiGfEEAAAA&#038;_nc_gid=Z365d5bFyYFl0htAEpbuAA&#038;_nc_tpa=Q5bMBQF15PUKO3x06R-HEPufIYE0cPvGK7eF7-10Vxa61iJvzGlay-kqQ_i6IlMo-IdxyKfg8H9cXwo_2w&#038;oh=00_Af0FbGeiSvfQPkaQrR81Oys-PYuNrjt4din-c051mXg4JA&#038;oe=69F8FE8A\"\/><\/a><div class=\"slicker-facebook-album-photoshadow\"><\/div><div class=\"fts-jal-fb-description-wrap fts-photo-caption-text\"><div class=\"fts-clear\"><\/div><\/div><div class=\"fts-clear\"><\/div><\/div><div class=\"fts-clear\"><\/div><\/div><div class=\"fts-likes-shares-etc-wrap\"><div class=\"fts-share-wrap\"><a href=\"javascript:;\" class=\"ft-gallery-link-popup\" title=\"Social-Share-Optionen\"><\/a><div class=\"ft-gallery-share-wrap\"><a href=\"https:\/\/www.facebook.com\/sharer\/sharer.php?u=https:\/\/www.facebook.com\/photo.php?fbid=1399979895492997&amp;set=a.459766576181005&amp;type=3\" target=\"_blank\" rel=\"noreferrer\" class=\"ft-galleryfacebook-icon\" title=\"Share this post on Facebook\"><i class=\"fa fa-facebook-square\"><\/i><\/a><a href=\"https:\/\/twitter.com\/intent\/tweet?text=https:\/\/www.facebook.com\/photo.php?fbid=1399979895492997&amp;set=a.459766576181005&amp;type=3+1\" target=\"_blank\" rel=\"noreferrer\" class=\"ft-gallerytwitter-icon\" title=\"Share this post on Twitter\"><i class=\"fa fa-twitter\"><\/i><\/a><a href=\"https:\/\/www.linkedin.com\/shareArticle?mini=true&amp;url=https:\/\/www.facebook.com\/photo.php?fbid=1399979895492997&amp;set=a.459766576181005&amp;type=3\" target=\"_blank\" rel=\"noreferrer\" class=\"ft-gallerylinkedin-icon\" title=\"Share this post on Linkedin\"><i class=\"fa fa-linkedin\"><\/i><\/a><a href=\"mailto:?subject=Shared Link&amp;body=https:\/\/www.facebook.com\/photo.php?fbid=1399979895492997&amp;set=a.459766576181005&amp;type=3 - 1\" target=\"_blank\" rel=\"noreferrer\" class=\"ft-galleryemail-icon\" title=\"Share this post in your email\"><i class=\"fa fa-envelope\"><\/i><\/a><\/div><\/div><a href=\"https:\/\/www.facebook.com\/photo.php?fbid=1399979895492997&#038;set=a.459766576181005&#038;type=3\" target=\"_blank\" rel=\"noreferrer\" class=\"fts-jal-fb-see-more\"><span class=\"fts-count-wrap fts-likes-wrap\"><i class='icon-thumbs-up'><\/i>12<\/span><span class=\"fts-count-wrap fts-comments-wrap\"><i class='icon-comments'><\/i>1<\/span><span class=\"fts-count-wrap fts-shares-wrap\"><span class='fts-count-wrap fts-shares-wrap'><i class='icon-file'><\/i>11<\/span><\/span><span class=\"fts-view-on-facebook\">Auf Facebook ansehen<\/span><\/a><\/div><div class=\"fts-clear\"><\/div><\/div><div class='fts-fb-photo-post-wrap fts-jal-single-fb-post' ><div  class=\"fts-jal-fb-right-wrap\"><div class=\"fts-jal-fb-top-wrap \"><div class=\"fts-jal-fb-user-thumb\"><a href=\"https:\/\/www.facebook.com\/2000650816868417\" target=\"_blank\" rel=\"noreferrer\"><img decoding=\"async\" border=\"0\" alt=\"Natur&amp;\u00ebmwelt Nordstad-Sektioun\" src=\"https:\/\/scontent-mrs2-3.xx.fbcdn.net\/v\/t39.30808-1\/316412150_506296741527988_5112848204326223695_n.jpg?stp=cp0_dst-jpg_s50x50_tt6&amp;_nc_cat=111&amp;ccb=1-7&amp;_nc_sid=f907e8&amp;_nc_ohc=ukxQEyGv6kQQ7kNvwEpXH2s&amp;_nc_oc=Ado5D5D3DHit8A28TH3hoFGCZKzyU5K0mutWN2yRErEsSjqOzgy15ktZxxTefzYq51s&amp;_nc_zt=24&amp;_nc_ht=scontent-mrs2-3.xx&amp;edm=AJdBtusEAAAA&amp;_nc_gid=pcnkffl3FmJvcEfFb7JOow&amp;_nc_tpa=Q5bMBQFMLWDIeN8W7BmGMsgD82nG1VfaCZ5BPdPBvsjUcf1cJBwH4rmmGA_ccFP5O87pEzsfp2LmGiBk8g&amp;oh=00_Af0dRmL2FEO9fhxOt9Uut8FzbLhtorSpdzaBaKPiQRTncQ&amp;oe=69F8D26B\"\/><\/a><\/div><span class=\"fts-jal-fb-user-name\"><a href=\"https:\/\/www.facebook.com\/2000650816868417\" target=\"_blank\" rel=\"noreferrer\">Natur&amp;\u00ebmwelt Nordstad-Sektioun<\/a><\/span><span class=\"fts-jal-fb-post-time\">1 Woche zuvor<\/span><div class=\"fts-clear\"><\/div><div class=\"fts-jal-fb-message\">Eis n\u00e4chst Aktivit\u00e9it, d'Ber\u00e9ngung vu jonke Waasserm\u00e4relen (Cinclus cinclus), ass d\u00ebse Samschdeg, de 25. Abr\u00ebll 2025, vun 10 bis 12 Auer. Den Treffpunkt ass um Parking vun der Gulf-Tankstell op der Bleesbr\u00e9ck. Denkt wgl. drun, Gummisstiwwele matzebr\u00e9ngen.<br \/>\n<br \/>\nFir weider Detailer a fir Iech unzemellen, kuckt wgl. op <a href=\"https:\/\/naturemwelt-nordstad.lu\/?event=beringen-von-wasseramseln-3&event_date=2026-04-25\" target=\"_blank\" rel=\"noreferrer\">https:\/\/naturemwelt-nordstad.lu\/?event=beringen-von-wasseramseln-3&event_date=2026-04-25<\/a><div class=\"fts-clear\"><\/div><\/div><\/div><div class=\"fts-jal-fb-link-wrap fts-album-photos-wrap\"><a href=\"https:\/\/www.facebook.com\/photo.php?fbid=1393044449519875&#038;set=a.459766586181004&#038;type=3\" target=\"_blank\" rel=\"noreferrer\" class=\"fts-jal-fb-picture\"><img decoding=\"async\" border=\"0\" alt=\"Natur&amp;\u00ebmwelt Nordstad-Sektioun\" src=\"https:\/\/scontent-mrs2-2.xx.fbcdn.net\/v\/t39.30808-6\/674852929_1393044452853208_8928046139877586668_n.jpg?_nc_cat=106&#038;ccb=1-7&#038;_nc_sid=13d280&#038;_nc_ohc=4Cs4C7qM8agQ7kNvwEvj6aX&#038;_nc_oc=Adr5-BgwIkqYnCSIhS88f6UYkF_ZBdijErv9ZQoAc02En-cjFfWYxmC58fRK8nUyOQI&#038;_nc_zt=23&#038;_nc_ht=scontent-mrs2-2.xx&#038;edm=AKIiGfEEAAAA&#038;_nc_gid=Z365d5bFyYFl0htAEpbuAA&#038;_nc_tpa=Q5bMBQGMc4nnXcWPtImxbkJOfO9xuMavzYLt1bNXCDPbwIHTklx9Dv6wdiA_fYITGQZa3oS5JbC1YjBHbA&#038;oh=00_Af2JLPpQuSL5OsbgfxUpXJah9eS06hqj4b4eNs_kxo3psQ&#038;oe=69F8D56D\"\/><\/a><div class=\"slicker-facebook-album-photoshadow\"><\/div><div class=\"fts-jal-fb-description-wrap fts-photo-caption-text\"><div class=\"fts-clear\"><\/div><\/div><div class=\"fts-clear\"><\/div><\/div><div class=\"fts-clear\"><\/div><\/div><div class=\"fts-likes-shares-etc-wrap\"><div class=\"fts-share-wrap\"><a href=\"javascript:;\" class=\"ft-gallery-link-popup\" title=\"Social-Share-Optionen\"><\/a><div class=\"ft-gallery-share-wrap\"><a href=\"https:\/\/www.facebook.com\/sharer\/sharer.php?u=https:\/\/www.facebook.com\/photo.php?fbid=1393044449519875&amp;set=a.459766586181004&amp;type=3\" target=\"_blank\" rel=\"noreferrer\" class=\"ft-galleryfacebook-icon\" title=\"Share this post on Facebook\"><i class=\"fa fa-facebook-square\"><\/i><\/a><a href=\"https:\/\/twitter.com\/intent\/tweet?text=https:\/\/www.facebook.com\/photo.php?fbid=1393044449519875&amp;set=a.459766586181004&amp;type=3+1\" target=\"_blank\" rel=\"noreferrer\" class=\"ft-gallerytwitter-icon\" title=\"Share this post on Twitter\"><i class=\"fa fa-twitter\"><\/i><\/a><a href=\"https:\/\/www.linkedin.com\/shareArticle?mini=true&amp;url=https:\/\/www.facebook.com\/photo.php?fbid=1393044449519875&amp;set=a.459766586181004&amp;type=3\" target=\"_blank\" rel=\"noreferrer\" class=\"ft-gallerylinkedin-icon\" title=\"Share this post on Linkedin\"><i class=\"fa fa-linkedin\"><\/i><\/a><a href=\"mailto:?subject=Shared Link&amp;body=https:\/\/www.facebook.com\/photo.php?fbid=1393044449519875&amp;set=a.459766586181004&amp;type=3 - 1\" target=\"_blank\" rel=\"noreferrer\" class=\"ft-galleryemail-icon\" title=\"Share this post in your email\"><i class=\"fa fa-envelope\"><\/i><\/a><\/div><\/div><a href=\"https:\/\/www.facebook.com\/photo.php?fbid=1393044449519875&#038;set=a.459766586181004&#038;type=3\" target=\"_blank\" rel=\"noreferrer\" class=\"fts-jal-fb-see-more\"><span class=\"fts-count-wrap fts-likes-wrap\"><i class='icon-thumbs-up'><\/i>16<\/span><span class=\"fts-count-wrap fts-comments-wrap\"><\/span><span class=\"fts-count-wrap fts-shares-wrap\"><span class='fts-count-wrap fts-shares-wrap'><i class='icon-file'><\/i>4<\/span><\/span><span class=\"fts-view-on-facebook\">Auf Facebook ansehen<\/span><\/a><\/div><div class=\"fts-clear\"><\/div><\/div><div class=\"fts-jal-single-fb-post\"><div  class=\"fts-jal-fb-right-wrap\"><div class=\"fts-jal-fb-top-wrap \"><div class=\"fts-jal-fb-user-thumb\"><a href=\"https:\/\/www.facebook.com\/2000650816868417\" target=\"_blank\" rel=\"noreferrer\"><img decoding=\"async\" border=\"0\" alt=\"Natur&amp;\u00ebmwelt Nordstad-Sektioun\" src=\"https:\/\/scontent-mrs2-3.xx.fbcdn.net\/v\/t39.30808-1\/316412150_506296741527988_5112848204326223695_n.jpg?stp=cp0_dst-jpg_s50x50_tt6&amp;_nc_cat=111&amp;ccb=1-7&amp;_nc_sid=f907e8&amp;_nc_ohc=ukxQEyGv6kQQ7kNvwEpXH2s&amp;_nc_oc=Ado5D5D3DHit8A28TH3hoFGCZKzyU5K0mutWN2yRErEsSjqOzgy15ktZxxTefzYq51s&amp;_nc_zt=24&amp;_nc_ht=scontent-mrs2-3.xx&amp;edm=AJdBtusEAAAA&amp;_nc_gid=pcnkffl3FmJvcEfFb7JOow&amp;_nc_tpa=Q5bMBQFMLWDIeN8W7BmGMsgD82nG1VfaCZ5BPdPBvsjUcf1cJBwH4rmmGA_ccFP5O87pEzsfp2LmGiBk8g&amp;oh=00_Af0dRmL2FEO9fhxOt9Uut8FzbLhtorSpdzaBaKPiQRTncQ&amp;oe=69F8D26B\"\/><\/a><\/div><span class=\"fts-jal-fb-user-name\"><a href=\"https:\/\/www.facebook.com\/2000650816868417\" target=\"_blank\" rel=\"noreferrer\">Natur&amp;\u00ebmwelt Nordstad-Sektioun<\/a><\/span><span class=\"fts-jal-fb-post-time\">1 Monat zuvor<\/span><div class=\"fts-clear\"><\/div><\/div><div class=\"fts-jal-fb-link-wrap fts-album-photos-wrap\"><a href=\"https:\/\/www.facebook.com\/814532640704395\/posts\/1367444922079828\" target=\"_blank\" rel=\"noreferrer\" class=\"fts-jal-fb-picture fts-fb-large-photo\"><img decoding=\"async\" border=\"0\" alt=\"Natur&amp;\u00ebmwelt Nordstad-Sektioun\" src=\"https:\/\/scontent-mrs2-1.xx.fbcdn.net\/v\/t39.30808-6\/656815659_1367444398746547_5544035888752331858_n.jpg?stp=dst-jpg_p720x720_tt6&#038;_nc_cat=105&#038;ccb=1-7&#038;_nc_sid=13d280&#038;_nc_ohc=Ht7k_WXbqaAQ7kNvwGDBFM8&#038;_nc_oc=AdqIiWyH_X7NDVQx9Qt1axBMN6cHVkspXzACNuZBE1cz5I7JNOB9P9TScLTp_zsnpNs&#038;_nc_zt=23&#038;_nc_ht=scontent-mrs2-1.xx&#038;edm=AKIiGfEEAAAA&#038;_nc_gid=Z365d5bFyYFl0htAEpbuAA&#038;_nc_tpa=Q5bMBQFTFQzR3c2wvHuSJstLWmKfDDJ19L9460ZQ7xyuaillFbP_KSSh4r1owG4ZHDFygM3mQvxGo_Uszw&#038;oh=00_Af26MX687x0OP6pM4NbdE_NECtfxNJ7Ge-GXCDY7mmpfjA&#038;oe=69F900FB\"><\/a><div class=\"fts-clear\"><\/div><div id=\"mxmcnfsqlk_page\" class=\"fts-more-photos-4-photos fts-fb-more-photos-wrap fts-facebook-inline-block-centered\" style=\"max-width:1630px\" data-ftsi-id=mxmcnfsqlk_page data-ftsi-columns=\"3\" data-ftsi-margin=\"1px\" data-ftsi-force-columns=\"yes\"><a href=\"https:\/\/www.facebook.com\/photo.php?fbid=1367444625413191&#038;set=a.459766586181004&#038;type=3\" target=\"_blank\" rel=\"noreferrer\" class=\"slicker-facebook-placeholder fts-fb-thumbs-wrap fts-4-photos fts-fb-thumb-zero-wrap fts-fb-large-photo\" style=\"background:url(https:\/\/scontent-mrs2-2.xx.fbcdn.net\/v\/t39.30808-6\/653702953_1367444632079857_1849880601723986129_n.jpg?stp=dst-jpg_p720x720_tt6&#038;_nc_cat=110&#038;ccb=1-7&#038;_nc_sid=13d280&#038;_nc_ohc=W5GqL4oVuHUQ7kNvwHBjNWK&#038;_nc_oc=AdqPFWBIdQWzmJevJMX5tUPQpSCkcPKcO04Kr6PbYMcnqettGevWjtyQYbulmiz5b40&#038;_nc_zt=23&#038;_nc_ht=scontent-mrs2-2.xx&#038;edm=AKIiGfEEAAAA&#038;_nc_gid=Z365d5bFyYFl0htAEpbuAA&#038;_nc_tpa=Q5bMBQG6RjDHnZwPNJV9IxiLZAdvgMgXJU_j5DCwQ-9hHjFFyov_Xzhkdy3pmll07fXQJe2zVCkLziIceA&#038;oh=00_Af0nXJU7pPRe_gyWQpF3aWD3D3YjdKsIJyzbz7kWtymYwA&#038;oe=69F8EC4B);\" title=\"Bild von Facebook\" aria-label=\"Bild von Facebook\"><\/a><a href=\"https:\/\/www.facebook.com\/photo.php?fbid=1367444512079869&#038;set=a.459766586181004&#038;type=3\" target=\"_blank\" rel=\"noreferrer\" class=\"fts-2-or-3-photos slicker-facebook-placeholder fts-fb-thumbs-wrap fts-4-photos fts-fb-thumb-one-wrap fts-fb-large-photo\" style=\"background:url(https:\/\/scontent-mrs2-3.xx.fbcdn.net\/v\/t39.30808-6\/654563073_1367444515413202_1693561322220717028_n.jpg?stp=dst-jpg_p720x720_tt6&#038;_nc_cat=102&#038;ccb=1-7&#038;_nc_sid=13d280&#038;_nc_ohc=EI_TsUYHb4UQ7kNvwH8pu7O&#038;_nc_oc=AdpEHBG7ZACk6wuNpzcypwLQnpfin0XS-oarTVpUCdYr0uyn3XTPPAjp6xvKq-mkrzc&#038;_nc_zt=23&#038;_nc_ht=scontent-mrs2-3.xx&#038;edm=AKIiGfEEAAAA&#038;_nc_gid=Z365d5bFyYFl0htAEpbuAA&#038;_nc_tpa=Q5bMBQE-mTAB-bBk7Hqp8LDesuzDebS0y_fa1X21fTtpZgd9hehwZvggQjtftgOpydSWrNX_SXDF-mcgtg&#038;oh=00_Af1ATENNzzaVLgIcw8cisVqjbXvOFv_Ys36A946cohKL1A&#038;oe=69F8FE16);\" title=\"Bild von Facebook\" aria-label=\"Bild von Facebook\"><\/a><a href=\"https:\/\/www.facebook.com\/photo.php?fbid=1367444482079872&#038;set=a.459766586181004&#038;type=3\" target=\"_blank\" rel=\"noreferrer\" class=\"slicker-facebook-placeholder fts-fb-thumbs-wrap fts-4-photos fts-fb-thumb-two-wrap fts-fb-large-photo\" style=\"background:url(https:\/\/scontent-mrs2-3.xx.fbcdn.net\/v\/t39.30808-6\/654612226_1367444485413205_6650781908741873084_n.jpg?stp=dst-jpg_p720x720_tt6&#038;_nc_cat=102&#038;ccb=1-7&#038;_nc_sid=13d280&#038;_nc_ohc=D5ZdOPh8hPYQ7kNvwE4zx97&#038;_nc_oc=AdrSkjZYha7aEkFavIsQdXmtIWPW_BPa32LRReTMWvcqwrvJYd1HMhpist-jFy30loQ&#038;_nc_zt=23&#038;_nc_ht=scontent-mrs2-3.xx&#038;edm=AKIiGfEEAAAA&#038;_nc_gid=Z365d5bFyYFl0htAEpbuAA&#038;_nc_tpa=Q5bMBQFz6syEGyNlG3S15gEbOYEzdo1s9IPTGXHZ5kIewN0424MtwN-UVLYEChjQa_M4xvvOn__5tdOeyg&#038;oh=00_Af2cH_c2aN1-Hxd3fpHApt0jgbJMOIdmSYJTDvruIcPPlA&#038;oe=69F8E346);\" title=\"Bild von Facebook\" aria-label=\"Bild von Facebook\"><div class=\"fts-image-count-tint-underlay\"><\/div><div class=\"fts-image-count\"><span>+<\/span>9<\/div><\/a><\/div><div class=\"slicker-facebook-album-photoshadow\"><\/div><div class=\"fts-clear\"><\/div><\/div><div class=\"fts-clear\"><\/div><\/div><div class=\"fts-likes-shares-etc-wrap\"><div class=\"fts-share-wrap\"><a href=\"javascript:;\" class=\"ft-gallery-link-popup\" title=\"Social-Share-Optionen\"><\/a><div class=\"ft-gallery-share-wrap\"><a href=\"https:\/\/www.facebook.com\/sharer\/sharer.php?u=https:\/\/www.facebook.com\/814532640704395\/posts\/1367444922079828\" target=\"_blank\" rel=\"noreferrer\" class=\"ft-galleryfacebook-icon\" title=\"Share this post on Facebook\"><i class=\"fa fa-facebook-square\"><\/i><\/a><a href=\"https:\/\/twitter.com\/intent\/tweet?text=https:\/\/www.facebook.com\/814532640704395\/posts\/1367444922079828+\" target=\"_blank\" rel=\"noreferrer\" class=\"ft-gallerytwitter-icon\" title=\"Share this post on Twitter\"><i class=\"fa fa-twitter\"><\/i><\/a><a href=\"https:\/\/www.linkedin.com\/shareArticle?mini=true&amp;url=https:\/\/www.facebook.com\/814532640704395\/posts\/1367444922079828\" target=\"_blank\" rel=\"noreferrer\" class=\"ft-gallerylinkedin-icon\" title=\"Share this post on Linkedin\"><i class=\"fa fa-linkedin\"><\/i><\/a><a href=\"mailto:?subject=Shared Link&amp;body=https:\/\/www.facebook.com\/814532640704395\/posts\/1367444922079828 - \" target=\"_blank\" rel=\"noreferrer\" class=\"ft-galleryemail-icon\" title=\"Share this post in your email\"><i class=\"fa fa-envelope\"><\/i><\/a><\/div><\/div><a href=\"https:\/\/www.facebook.com\/814532640704395\/posts\/1367444922079828\" target=\"_blank\" rel=\"noreferrer\" class=\"fts-jal-fb-see-more\"><span class=\"fts-count-wrap fts-likes-wrap\"><i class='icon-thumbs-up'><\/i>4<\/span><span class=\"fts-count-wrap fts-comments-wrap\"><\/span><span class=\"fts-count-wrap fts-shares-wrap\"><\/span><span class=\"fts-view-on-facebook\">Auf Facebook ansehen<\/span><\/a><\/div><div class=\"fts-clear\"><\/div><\/div><div class=\"fts-jal-single-fb-post\"><div  class=\"fts-jal-fb-right-wrap\"><div class=\"fts-jal-fb-top-wrap \"><div class=\"fts-jal-fb-user-thumb\"><a href=\"https:\/\/www.facebook.com\/2000650816868417\" target=\"_blank\" rel=\"noreferrer\"><img decoding=\"async\" border=\"0\" alt=\"Natur&amp;\u00ebmwelt Nordstad-Sektioun\" src=\"https:\/\/scontent-mrs2-3.xx.fbcdn.net\/v\/t39.30808-1\/316412150_506296741527988_5112848204326223695_n.jpg?stp=cp0_dst-jpg_s50x50_tt6&amp;_nc_cat=111&amp;ccb=1-7&amp;_nc_sid=f907e8&amp;_nc_ohc=ukxQEyGv6kQQ7kNvwEpXH2s&amp;_nc_oc=Ado5D5D3DHit8A28TH3hoFGCZKzyU5K0mutWN2yRErEsSjqOzgy15ktZxxTefzYq51s&amp;_nc_zt=24&amp;_nc_ht=scontent-mrs2-3.xx&amp;edm=AJdBtusEAAAA&amp;_nc_gid=pcnkffl3FmJvcEfFb7JOow&amp;_nc_tpa=Q5bMBQFMLWDIeN8W7BmGMsgD82nG1VfaCZ5BPdPBvsjUcf1cJBwH4rmmGA_ccFP5O87pEzsfp2LmGiBk8g&amp;oh=00_Af0dRmL2FEO9fhxOt9Uut8FzbLhtorSpdzaBaKPiQRTncQ&amp;oe=69F8D26B\"\/><\/a><\/div><span class=\"fts-jal-fb-user-name\"><a href=\"https:\/\/www.facebook.com\/2000650816868417\" target=\"_blank\" rel=\"noreferrer\">Natur&amp;\u00ebmwelt Nordstad-Sektioun<\/a><\/span><span class=\"fts-jal-fb-post-time\">1 Monat zuvor<\/span><div class=\"fts-clear\"><\/div><div class=\"fts-jal-fb-message\">Geschter wor ons Generalversammlung zu Dikrech am Gebai vun der ANF<div class=\"fts-clear\"><\/div><\/div><\/div><div class=\"fts-jal-fb-link-wrap fts-album-photos-wrap\"><a href=\"https:\/\/www.facebook.com\/814532640704395\/posts\/1367444922079828\" target=\"_blank\" rel=\"noreferrer\" class=\"fts-jal-fb-picture fts-fb-large-photo\"><img decoding=\"async\" border=\"0\" alt=\"Natur&amp;\u00ebmwelt Nordstad-Sektioun\" src=\"https:\/\/scontent-mrs2-1.xx.fbcdn.net\/v\/t39.30808-6\/656815659_1367444398746547_5544035888752331858_n.jpg?stp=dst-jpg_p720x720_tt6&#038;_nc_cat=105&#038;ccb=1-7&#038;_nc_sid=13d280&#038;_nc_ohc=Ht7k_WXbqaAQ7kNvwGDBFM8&#038;_nc_oc=AdqIiWyH_X7NDVQx9Qt1axBMN6cHVkspXzACNuZBE1cz5I7JNOB9P9TScLTp_zsnpNs&#038;_nc_zt=23&#038;_nc_ht=scontent-mrs2-1.xx&#038;edm=AKIiGfEEAAAA&#038;_nc_gid=Z365d5bFyYFl0htAEpbuAA&#038;_nc_tpa=Q5bMBQFTFQzR3c2wvHuSJstLWmKfDDJ19L9460ZQ7xyuaillFbP_KSSh4r1owG4ZHDFygM3mQvxGo_Uszw&#038;oh=00_Af26MX687x0OP6pM4NbdE_NECtfxNJ7Ge-GXCDY7mmpfjA&#038;oe=69F900FB\"><\/a><div class=\"fts-clear\"><\/div><div id=\"tlsnxqpdfx_page\" class=\"fts-more-photos-4-photos fts-fb-more-photos-wrap fts-facebook-inline-block-centered\" style=\"max-width:1630px\" data-ftsi-id=tlsnxqpdfx_page data-ftsi-columns=\"3\" data-ftsi-margin=\"1px\" data-ftsi-force-columns=\"yes\"><a href=\"https:\/\/www.facebook.com\/photo.php?fbid=1367444625413191&#038;set=a.459766586181004&#038;type=3\" target=\"_blank\" rel=\"noreferrer\" class=\"slicker-facebook-placeholder fts-fb-thumbs-wrap fts-4-photos fts-fb-thumb-zero-wrap fts-fb-large-photo\" style=\"background:url(https:\/\/scontent-mrs2-2.xx.fbcdn.net\/v\/t39.30808-6\/653702953_1367444632079857_1849880601723986129_n.jpg?stp=dst-jpg_p720x720_tt6&#038;_nc_cat=110&#038;ccb=1-7&#038;_nc_sid=13d280&#038;_nc_ohc=W5GqL4oVuHUQ7kNvwHBjNWK&#038;_nc_oc=AdqPFWBIdQWzmJevJMX5tUPQpSCkcPKcO04Kr6PbYMcnqettGevWjtyQYbulmiz5b40&#038;_nc_zt=23&#038;_nc_ht=scontent-mrs2-2.xx&#038;edm=AKIiGfEEAAAA&#038;_nc_gid=Z365d5bFyYFl0htAEpbuAA&#038;_nc_tpa=Q5bMBQG6RjDHnZwPNJV9IxiLZAdvgMgXJU_j5DCwQ-9hHjFFyov_Xzhkdy3pmll07fXQJe2zVCkLziIceA&#038;oh=00_Af0nXJU7pPRe_gyWQpF3aWD3D3YjdKsIJyzbz7kWtymYwA&#038;oe=69F8EC4B);\" title=\"Bild von Facebook\" aria-label=\"Bild von Facebook\"><\/a><a href=\"https:\/\/www.facebook.com\/photo.php?fbid=1367444512079869&#038;set=a.459766586181004&#038;type=3\" target=\"_blank\" rel=\"noreferrer\" class=\"fts-2-or-3-photos slicker-facebook-placeholder fts-fb-thumbs-wrap fts-4-photos fts-fb-thumb-one-wrap fts-fb-large-photo\" style=\"background:url(https:\/\/scontent-mrs2-3.xx.fbcdn.net\/v\/t39.30808-6\/654563073_1367444515413202_1693561322220717028_n.jpg?stp=dst-jpg_p720x720_tt6&#038;_nc_cat=102&#038;ccb=1-7&#038;_nc_sid=13d280&#038;_nc_ohc=EI_TsUYHb4UQ7kNvwH8pu7O&#038;_nc_oc=AdpEHBG7ZACk6wuNpzcypwLQnpfin0XS-oarTVpUCdYr0uyn3XTPPAjp6xvKq-mkrzc&#038;_nc_zt=23&#038;_nc_ht=scontent-mrs2-3.xx&#038;edm=AKIiGfEEAAAA&#038;_nc_gid=Z365d5bFyYFl0htAEpbuAA&#038;_nc_tpa=Q5bMBQE-mTAB-bBk7Hqp8LDesuzDebS0y_fa1X21fTtpZgd9hehwZvggQjtftgOpydSWrNX_SXDF-mcgtg&#038;oh=00_Af1ATENNzzaVLgIcw8cisVqjbXvOFv_Ys36A946cohKL1A&#038;oe=69F8FE16);\" title=\"Bild von Facebook\" aria-label=\"Bild von Facebook\"><\/a><a href=\"https:\/\/www.facebook.com\/photo.php?fbid=1367444482079872&#038;set=a.459766586181004&#038;type=3\" target=\"_blank\" rel=\"noreferrer\" class=\"slicker-facebook-placeholder fts-fb-thumbs-wrap fts-4-photos fts-fb-thumb-two-wrap fts-fb-large-photo\" style=\"background:url(https:\/\/scontent-mrs2-3.xx.fbcdn.net\/v\/t39.30808-6\/654612226_1367444485413205_6650781908741873084_n.jpg?stp=dst-jpg_p720x720_tt6&#038;_nc_cat=102&#038;ccb=1-7&#038;_nc_sid=13d280&#038;_nc_ohc=D5ZdOPh8hPYQ7kNvwE4zx97&#038;_nc_oc=AdrSkjZYha7aEkFavIsQdXmtIWPW_BPa32LRReTMWvcqwrvJYd1HMhpist-jFy30loQ&#038;_nc_zt=23&#038;_nc_ht=scontent-mrs2-3.xx&#038;edm=AKIiGfEEAAAA&#038;_nc_gid=Z365d5bFyYFl0htAEpbuAA&#038;_nc_tpa=Q5bMBQFz6syEGyNlG3S15gEbOYEzdo1s9IPTGXHZ5kIewN0424MtwN-UVLYEChjQa_M4xvvOn__5tdOeyg&#038;oh=00_Af2cH_c2aN1-Hxd3fpHApt0jgbJMOIdmSYJTDvruIcPPlA&#038;oe=69F8E346);\" title=\"Bild von Facebook\" aria-label=\"Bild von Facebook\"><div class=\"fts-image-count-tint-underlay\"><\/div><div class=\"fts-image-count\"><span>+<\/span>9<\/div><\/a><\/div><div class=\"slicker-facebook-album-photoshadow\"><\/div><div class=\"fts-clear\"><\/div><\/div><div class=\"fts-clear\"><\/div><\/div><div class=\"fts-likes-shares-etc-wrap\"><div class=\"fts-share-wrap\"><a href=\"javascript:;\" class=\"ft-gallery-link-popup\" title=\"Social-Share-Optionen\"><\/a><div class=\"ft-gallery-share-wrap\"><a href=\"https:\/\/www.facebook.com\/sharer\/sharer.php?u=https:\/\/www.facebook.com\/814532640704395\/posts\/1367444922079828\" target=\"_blank\" rel=\"noreferrer\" class=\"ft-galleryfacebook-icon\" title=\"Share this post on Facebook\"><i class=\"fa fa-facebook-square\"><\/i><\/a><a href=\"https:\/\/twitter.com\/intent\/tweet?text=https:\/\/www.facebook.com\/814532640704395\/posts\/1367444922079828+1\" target=\"_blank\" rel=\"noreferrer\" class=\"ft-gallerytwitter-icon\" title=\"Share this post on Twitter\"><i class=\"fa fa-twitter\"><\/i><\/a><a href=\"https:\/\/www.linkedin.com\/shareArticle?mini=true&amp;url=https:\/\/www.facebook.com\/814532640704395\/posts\/1367444922079828\" target=\"_blank\" rel=\"noreferrer\" class=\"ft-gallerylinkedin-icon\" title=\"Share this post on Linkedin\"><i class=\"fa fa-linkedin\"><\/i><\/a><a href=\"mailto:?subject=Shared Link&amp;body=https:\/\/www.facebook.com\/814532640704395\/posts\/1367444922079828 - 1\" target=\"_blank\" rel=\"noreferrer\" class=\"ft-galleryemail-icon\" title=\"Share this post in your email\"><i class=\"fa fa-envelope\"><\/i><\/a><\/div><\/div><a href=\"https:\/\/www.facebook.com\/814532640704395\/posts\/1367444922079828\" target=\"_blank\" rel=\"noreferrer\" class=\"fts-jal-fb-see-more\"><span class=\"fts-count-wrap fts-likes-wrap\"><i class='icon-thumbs-up'><\/i>28<\/span><span class=\"fts-count-wrap fts-comments-wrap\"><\/span><span class=\"fts-count-wrap fts-shares-wrap\"><span class='fts-count-wrap fts-shares-wrap'><i class='icon-file'><\/i>4<\/span><\/span><span class=\"fts-view-on-facebook\">Auf Facebook ansehen<\/span><\/a><\/div><div class=\"fts-clear\"><\/div><\/div><div class='fts-fb-photo-post-wrap fts-jal-single-fb-post' ><div  class=\"fts-jal-fb-right-wrap\"><div class=\"fts-jal-fb-top-wrap \"><div class=\"fts-jal-fb-user-thumb\"><a href=\"https:\/\/www.facebook.com\/2000650816868417\" target=\"_blank\" rel=\"noreferrer\"><img decoding=\"async\" border=\"0\" alt=\"Natur&amp;\u00ebmwelt Nordstad-Sektioun\" src=\"https:\/\/scontent-mrs2-3.xx.fbcdn.net\/v\/t39.30808-1\/316412150_506296741527988_5112848204326223695_n.jpg?stp=cp0_dst-jpg_s50x50_tt6&amp;_nc_cat=111&amp;ccb=1-7&amp;_nc_sid=f907e8&amp;_nc_ohc=ukxQEyGv6kQQ7kNvwEpXH2s&amp;_nc_oc=Ado5D5D3DHit8A28TH3hoFGCZKzyU5K0mutWN2yRErEsSjqOzgy15ktZxxTefzYq51s&amp;_nc_zt=24&amp;_nc_ht=scontent-mrs2-3.xx&amp;edm=AJdBtusEAAAA&amp;_nc_gid=pcnkffl3FmJvcEfFb7JOow&amp;_nc_tpa=Q5bMBQFMLWDIeN8W7BmGMsgD82nG1VfaCZ5BPdPBvsjUcf1cJBwH4rmmGA_ccFP5O87pEzsfp2LmGiBk8g&amp;oh=00_Af0dRmL2FEO9fhxOt9Uut8FzbLhtorSpdzaBaKPiQRTncQ&amp;oe=69F8D26B\"\/><\/a><\/div><span class=\"fts-jal-fb-user-name\"><a href=\"https:\/\/www.facebook.com\/2000650816868417\" target=\"_blank\" rel=\"noreferrer\">Natur&amp;\u00ebmwelt Nordstad-Sektioun<\/a><\/span><span class=\"fts-jal-fb-post-time\">1 Monat zuvor<\/span><div class=\"fts-clear\"><\/div><div class=\"fts-jal-fb-message\">Hei eng kleng Er\u00ebnnerung, datt mir muer den Owend um 19:00 Auer eis Generalversammlung zu Dikrech am Gebai vun der ANF hunn. \ud83d\ude09<div class=\"fts-clear\"><\/div><\/div><\/div><div class=\"fts-jal-fb-link-wrap fts-album-photos-wrap\"><a href=\"https:\/\/www.facebook.com\/photo.php?fbid=1357224466435207&#038;set=a.459766586181004&#038;type=3\" target=\"_blank\" rel=\"noreferrer\" class=\"fts-jal-fb-picture\"><img decoding=\"async\" border=\"0\" alt=\"Natur&amp;\u00ebmwelt Nordstad-Sektioun\" src=\"https:\/\/scontent-mrs2-2.xx.fbcdn.net\/v\/t39.30808-6\/648536831_1357224469768540_7138806487564288983_n.jpg?_nc_cat=107&#038;ccb=1-7&#038;_nc_sid=13d280&#038;_nc_ohc=FzUki80jU2cQ7kNvwF7mz3N&#038;_nc_oc=Adq7XLMaMq2LUYfezHCSPGf4z1uNtBkQ26h9frIqda7cGxfM50xPVqBcTqKXX6Kl4Pk&#038;_nc_zt=23&#038;_nc_ht=scontent-mrs2-2.xx&#038;edm=AKIiGfEEAAAA&#038;_nc_gid=Z365d5bFyYFl0htAEpbuAA&#038;_nc_tpa=Q5bMBQFMJcZ5egMrn4yRpFe20Y1DAgFBgrFM2FN37csHn4fh03AxR0tZ-BFo6zebpnm4huT8CL-pNiFLUg&#038;oh=00_Af3qXxZfgaAS5tHBMhDq9wpAtFS96yULeIIOjHNi4zC75w&#038;oe=69F8D0E4\"\/><\/a><div class=\"slicker-facebook-album-photoshadow\"><\/div><div class=\"fts-jal-fb-description-wrap fts-photo-caption-text\"><div class=\"fts-jal-fb-description\">D'n\u00e4chst Woch e Freideg, den 20. M\u00e4erz, um 19 Auer hu mir eis Generalversammlung zu Dikrech bei der ANF (81 Avenue de la Gare, L-9233 Diekirch). Iech erwaarden \u00ebnner anerem ee Film vum Guy Klein iwwert eis Aktivit\u00e9iten am Joer 2025 an e Virtrag vum Liliane Burton iwwert de Beiefr\u00ebsser. Fir den Duuscht an de klengen Honger ass natierlech och gesuergt. \ud83d\ude09<br \/>\n<br \/>\nKandidature fir an de Comit\u00e9 sinn \u00ebmmer w\u00ebllkomm. Ausserdeem si mer op der Sich no Keesserevisoren!<br \/>\n<br \/>\nMir free\u00ebn eis iwwer jiddereen, dee k\u00ebnnt!<br \/>\n<br \/>\nWeider Informatioune fannt Dir \u00ebnner <a href=\"https:\/\/naturemwelt-nordstad.lu\/?event=generalversammlung-4&amp;event_date=2026-03-20\">https:\/\/naturemwelt-nordstad.lu\/?event=generalversammlung-4&amp;event_date=2026-03-20<\/a><\/div><div class=\"fts-clear\"><\/div><\/div><div class=\"fts-clear\"><\/div><\/div><div class=\"fts-clear\"><\/div><\/div><div class=\"fts-likes-shares-etc-wrap\"><div class=\"fts-share-wrap\"><a href=\"javascript:;\" class=\"ft-gallery-link-popup\" title=\"Social-Share-Optionen\"><\/a><div class=\"ft-gallery-share-wrap\"><a href=\"https:\/\/www.facebook.com\/sharer\/sharer.php?u=https:\/\/www.facebook.com\/photo.php?fbid=1357224466435207&amp;set=a.459766586181004&amp;type=3\" target=\"_blank\" rel=\"noreferrer\" class=\"ft-galleryfacebook-icon\" title=\"Share this post on Facebook\"><i class=\"fa fa-facebook-square\"><\/i><\/a><a href=\"https:\/\/twitter.com\/intent\/tweet?text=https:\/\/www.facebook.com\/photo.php?fbid=1357224466435207&amp;set=a.459766586181004&amp;type=3+1\" target=\"_blank\" rel=\"noreferrer\" class=\"ft-gallerytwitter-icon\" title=\"Share this post on Twitter\"><i class=\"fa fa-twitter\"><\/i><\/a><a href=\"https:\/\/www.linkedin.com\/shareArticle?mini=true&amp;url=https:\/\/www.facebook.com\/photo.php?fbid=1357224466435207&amp;set=a.459766586181004&amp;type=3\" target=\"_blank\" rel=\"noreferrer\" class=\"ft-gallerylinkedin-icon\" title=\"Share this post on Linkedin\"><i class=\"fa fa-linkedin\"><\/i><\/a><a href=\"mailto:?subject=Shared Link&amp;body=https:\/\/www.facebook.com\/photo.php?fbid=1357224466435207&amp;set=a.459766586181004&amp;type=3 - 1\" target=\"_blank\" rel=\"noreferrer\" class=\"ft-galleryemail-icon\" title=\"Share this post in your email\"><i class=\"fa fa-envelope\"><\/i><\/a><\/div><\/div><a href=\"https:\/\/www.facebook.com\/photo.php?fbid=1357224466435207&#038;set=a.459766586181004&#038;type=3\" target=\"_blank\" rel=\"noreferrer\" class=\"fts-jal-fb-see-more\"><span class=\"fts-count-wrap fts-likes-wrap\"><i class='icon-thumbs-up'><\/i>5<\/span><span class=\"fts-count-wrap fts-comments-wrap\"><\/span><span class=\"fts-count-wrap fts-shares-wrap\"><span class='fts-count-wrap fts-shares-wrap'><i class='icon-file'><\/i>2<\/span><\/span><span class=\"fts-view-on-facebook\">Auf Facebook ansehen<\/span><\/a><\/div><div class=\"fts-clear\"><\/div><\/div><div class='fts-fb-photo-post-wrap fts-jal-single-fb-post' ><div  class=\"fts-jal-fb-right-wrap\"><div class=\"fts-jal-fb-top-wrap \"><div class=\"fts-jal-fb-user-thumb\"><a href=\"https:\/\/www.facebook.com\/2000650816868417\" target=\"_blank\" rel=\"noreferrer\"><img decoding=\"async\" border=\"0\" alt=\"Natur&amp;\u00ebmwelt Nordstad-Sektioun\" src=\"https:\/\/scontent-mrs2-3.xx.fbcdn.net\/v\/t39.30808-1\/316412150_506296741527988_5112848204326223695_n.jpg?stp=cp0_dst-jpg_s50x50_tt6&amp;_nc_cat=111&amp;ccb=1-7&amp;_nc_sid=f907e8&amp;_nc_ohc=ukxQEyGv6kQQ7kNvwEpXH2s&amp;_nc_oc=Ado5D5D3DHit8A28TH3hoFGCZKzyU5K0mutWN2yRErEsSjqOzgy15ktZxxTefzYq51s&amp;_nc_zt=24&amp;_nc_ht=scontent-mrs2-3.xx&amp;edm=AJdBtusEAAAA&amp;_nc_gid=pcnkffl3FmJvcEfFb7JOow&amp;_nc_tpa=Q5bMBQFMLWDIeN8W7BmGMsgD82nG1VfaCZ5BPdPBvsjUcf1cJBwH4rmmGA_ccFP5O87pEzsfp2LmGiBk8g&amp;oh=00_Af0dRmL2FEO9fhxOt9Uut8FzbLhtorSpdzaBaKPiQRTncQ&amp;oe=69F8D26B\"\/><\/a><\/div><span class=\"fts-jal-fb-user-name\"><a href=\"https:\/\/www.facebook.com\/2000650816868417\" target=\"_blank\" rel=\"noreferrer\">Natur&amp;\u00ebmwelt Nordstad-Sektioun<\/a><\/span><span class=\"fts-jal-fb-post-time\">2 Monate zuvor<\/span><div class=\"fts-clear\"><\/div><div class=\"fts-jal-fb-message\">D'n\u00e4chst Woch e Freideg, den 20. M\u00e4erz, um 19 Auer hu mir eis Generalversammlung zu Dikrech bei der ANF (81 Avenue de la Gare, L-9233 Diekirch). Iech erwaarden \u00ebnner anerem ee Film vum Guy Klein iwwert eis Aktivit\u00e9iten am Joer 2025 an e Virtrag vum Liliane Burton iwwert de Beiefr\u00ebsser. Fir den Duuscht an de klengen Honger ass natierlech och gesuergt. \ud83d\ude09<br \/>\n<br \/>\nKandidature fir an de Comit\u00e9 sinn \u00ebmmer w\u00ebllkomm. Ausserdeem si mer op der Sich no Keesserevisoren!<br \/>\n<br \/>\nMir free\u00ebn eis iwwer jiddereen, dee k\u00ebnnt!<br \/>\n<br \/>\nWeider Informatioune fannt Dir \u00ebnner <a href=\"https:\/\/naturemwelt-nordstad.lu\/?event=generalversammlung-4&event_date=2026-03-20\" target=\"_blank\" rel=\"noreferrer\">https:\/\/naturemwelt-nordstad.lu\/?event=generalversammlung-4&event_date=2026-03-20<\/a><div class=\"fts-clear\"><\/div><\/div><\/div><div class=\"fts-jal-fb-link-wrap fts-album-photos-wrap\"><a href=\"https:\/\/www.facebook.com\/photo.php?fbid=1357224466435207&#038;set=a.459766586181004&#038;type=3\" target=\"_blank\" rel=\"noreferrer\" class=\"fts-jal-fb-picture\"><img decoding=\"async\" border=\"0\" alt=\"Natur&amp;\u00ebmwelt Nordstad-Sektioun\" src=\"https:\/\/scontent-mrs2-2.xx.fbcdn.net\/v\/t39.30808-6\/648536831_1357224469768540_7138806487564288983_n.jpg?_nc_cat=107&#038;ccb=1-7&#038;_nc_sid=13d280&#038;_nc_ohc=FzUki80jU2cQ7kNvwF7mz3N&#038;_nc_oc=Adq7XLMaMq2LUYfezHCSPGf4z1uNtBkQ26h9frIqda7cGxfM50xPVqBcTqKXX6Kl4Pk&#038;_nc_zt=23&#038;_nc_ht=scontent-mrs2-2.xx&#038;edm=AKIiGfEEAAAA&#038;_nc_gid=Z365d5bFyYFl0htAEpbuAA&#038;_nc_tpa=Q5bMBQFMJcZ5egMrn4yRpFe20Y1DAgFBgrFM2FN37csHn4fh03AxR0tZ-BFo6zebpnm4huT8CL-pNiFLUg&#038;oh=00_Af3qXxZfgaAS5tHBMhDq9wpAtFS96yULeIIOjHNi4zC75w&#038;oe=69F8D0E4\"\/><\/a><div class=\"slicker-facebook-album-photoshadow\"><\/div><div class=\"fts-jal-fb-description-wrap fts-photo-caption-text\"><div class=\"fts-clear\"><\/div><\/div><div class=\"fts-clear\"><\/div><\/div><div class=\"fts-clear\"><\/div><\/div><div class=\"fts-likes-shares-etc-wrap\"><div class=\"fts-share-wrap\"><a href=\"javascript:;\" class=\"ft-gallery-link-popup\" title=\"Social-Share-Optionen\"><\/a><div class=\"ft-gallery-share-wrap\"><a href=\"https:\/\/www.facebook.com\/sharer\/sharer.php?u=https:\/\/www.facebook.com\/photo.php?fbid=1357224466435207&amp;set=a.459766586181004&amp;type=3\" target=\"_blank\" rel=\"noreferrer\" class=\"ft-galleryfacebook-icon\" title=\"Share this post on Facebook\"><i class=\"fa fa-facebook-square\"><\/i><\/a><a href=\"https:\/\/twitter.com\/intent\/tweet?text=https:\/\/www.facebook.com\/photo.php?fbid=1357224466435207&amp;set=a.459766586181004&amp;type=3+1\" target=\"_blank\" rel=\"noreferrer\" class=\"ft-gallerytwitter-icon\" title=\"Share this post on Twitter\"><i class=\"fa fa-twitter\"><\/i><\/a><a href=\"https:\/\/www.linkedin.com\/shareArticle?mini=true&amp;url=https:\/\/www.facebook.com\/photo.php?fbid=1357224466435207&amp;set=a.459766586181004&amp;type=3\" target=\"_blank\" rel=\"noreferrer\" class=\"ft-gallerylinkedin-icon\" title=\"Share this post on Linkedin\"><i class=\"fa fa-linkedin\"><\/i><\/a><a href=\"mailto:?subject=Shared Link&amp;body=https:\/\/www.facebook.com\/photo.php?fbid=1357224466435207&amp;set=a.459766586181004&amp;type=3 - 1\" target=\"_blank\" rel=\"noreferrer\" class=\"ft-galleryemail-icon\" title=\"Share this post in your email\"><i class=\"fa fa-envelope\"><\/i><\/a><\/div><\/div><a href=\"https:\/\/www.facebook.com\/photo.php?fbid=1357224466435207&#038;set=a.459766586181004&#038;type=3\" target=\"_blank\" rel=\"noreferrer\" class=\"fts-jal-fb-see-more\"><span class=\"fts-count-wrap fts-likes-wrap\"><i class='icon-thumbs-up'><\/i>14<\/span><span class=\"fts-count-wrap fts-comments-wrap\"><\/span><span class=\"fts-count-wrap fts-shares-wrap\"><span class='fts-count-wrap fts-shares-wrap'><i class='icon-file'><\/i>12<\/span><\/span><span class=\"fts-view-on-facebook\">Auf Facebook ansehen<\/span><\/a><\/div><div class=\"fts-clear\"><\/div><\/div><\/div><div class=\"fts-clear\"><\/div><div id=\"fb-root\"><\/div><\/p>\n<\/div><\/div><\/div><div id=\"pgc-964-2-1\"  class=\"panel-grid-cell panel-grid-cell-empty\" ><\/div><\/div><div id=\"pg-964-3\"  class=\"panel-grid panel-has-style\" ><div class=\"border-top wave-bg siteorigin-panels-stretch panel-row-style panel-row-style-for-964-3\" data-stretch-type=\"full\" ><div id=\"pgc-964-3-0\"  class=\"panel-grid-cell\" ><div id=\"panel-964-3-0-0\" class=\"so-panel widget widget_siteorigin-panels-builder panel-first-child panel-last-child\" data-index=\"4\" ><div id=\"pl-w6595a82cd739a\"  class=\"panel-layout\" ><div id=\"pg-w6595a82cd739a-0\"  class=\"panel-grid panel-no-style\" ><div id=\"pgc-w6595a82cd739a-0-0\"  class=\"panel-grid-cell\" ><div id=\"panel-w6595a82cd739a-0-0-0\" class=\"so-panel widget widget_title-widget panel-first-child panel-last-child\" data-index=\"0\" ><div\n\t\t\t\n\t\t\tclass=\"so-widget-title-widget so-widget-title-widget-base\"\n\t\t\t\n\t\t><h2 class=\"title\">\n<small>Nordstad<\/small>Gemengen<\/h2>\n<\/div><\/div><\/div><\/div><div id=\"pg-w6595a82cd739a-1\"  class=\"panel-grid panel-no-style\" ><div id=\"pgc-w6595a82cd739a-1-0\"  class=\"panel-grid-cell\" ><div id=\"panel-w6595a82cd739a-1-0-0\" class=\"so-panel widget widget_text panel-first-child panel-last-child\" data-index=\"1\" >\t\t\t<div class=\"textwidget\"><p>2016 hunn d\u00e9i zwou natur&amp;\u00ebmwelt-Sektiounen Dikrech an Ettelbr\u00e9ck sech dozou entschloss eng nei regional Nordstad-Sektioun ze gr\u00ebnnen. D&#8217;Sektioun \u00ebmfaasst all Nordstad-Gemengen: Dikrech, Ettelbr\u00e9ck, Schieren, Colmar-Bierg, Ierpeldeng a Bettenduerf.<\/p>\n<\/div>\n\t\t<\/div><\/div><div id=\"pgc-w6595a82cd739a-1-1\"  class=\"panel-grid-cell\" ><div id=\"panel-w6595a82cd739a-1-1-0\" class=\"so-panel widget widget_carousel-widget panel-first-child panel-last-child\" data-index=\"2\" ><div\n\t\t\t\n\t\t\tclass=\"so-widget-carousel-widget so-widget-carousel-widget-base\"\n\t\t\t\n\t\t><div class=\"carousel-container\">\n<ul class=\"partner-logos owl-carousel owl-theme\" data-columns=\"3\" data-autoplay=\"5000\" data-pagination=\"yes\" data-arrows=\"yes\" data-single-item=\"no\" data-items-desktop=\"3\" data-items-desktop-small=\"3\" data-items-tablet=\"2\" data-items-mobile=\"1\">\n<li data-appear-animation=\"fadeInDown\" data-appear-animation-delay=\"10\" class=\"item\"><a href=\"http:\/\/ettelbruck.lu\/\" target=\"_blank\"><img loading=\"lazy\" decoding=\"async\" src=\"https:\/\/naturemwelt-nordstad.lu\/wp-content\/uploads\/2018\/04\/ettelbruck.png\" width=\"136\" height=\"150\" ><\/a>                    <h5>\n                Ettelbr\u00e9ck            <\/h5>\n                <\/li><li data-appear-animation=\"fadeInDown\" data-appear-animation-delay=\"110\" class=\"item\"><a href=\"http:\/\/www.colmar-berg.lu\/\" target=\"_blank\"><img loading=\"lazy\" decoding=\"async\" src=\"https:\/\/naturemwelt-nordstad.lu\/wp-content\/uploads\/2018\/04\/colmar_berg.png\" width=\"136\" height=\"150\" ><\/a>                    <h5>\n                Colmar-Bierg            <\/h5>\n                <\/li><li data-appear-animation=\"fadeInDown\" data-appear-animation-delay=\"210\" class=\"item\"><a href=\"http:\/\/www.erpeldange.lu\/\" target=\"_blank\"><img loading=\"lazy\" decoding=\"async\" src=\"https:\/\/naturemwelt-nordstad.lu\/wp-content\/uploads\/2018\/04\/erpeldange.png\" width=\"136\" height=\"150\" ><\/a>                    <h5>\n                Ierpeld\u00e9ng            <\/h5>\n                <\/li><li data-appear-animation=\"fadeInDown\" data-appear-animation-delay=\"310\" class=\"item\"><a href=\"http:\/\/www.schieren.lu\/\" target=\"_blank\"><img loading=\"lazy\" decoding=\"async\" src=\"https:\/\/naturemwelt-nordstad.lu\/wp-content\/uploads\/2018\/04\/schieren.png\" width=\"136\" height=\"150\" ><\/a>                    <h5>\n                Schieren            <\/h5>\n                <\/li><li data-appear-animation=\"fadeInDown\" data-appear-animation-delay=\"410\" class=\"item\"><a href=\"https:\/\/diekirch.lu\/fr\/commune-de-diekirch\" target=\"_blank\"><img loading=\"lazy\" decoding=\"async\" src=\"https:\/\/naturemwelt-nordstad.lu\/wp-content\/uploads\/2018\/04\/diekirch.png\" width=\"136\" height=\"150\" ><\/a>                    <h5>\n                Dikrech            <\/h5>\n                <\/li><li data-appear-animation=\"fadeInDown\" data-appear-animation-delay=\"510\" class=\"item\"><a href=\"http:\/\/www.bettendorf.lu\/\" target=\"_blank\"><img loading=\"lazy\" decoding=\"async\" src=\"https:\/\/naturemwelt-nordstad.lu\/wp-content\/uploads\/2018\/04\/bettendorf.png\" width=\"136\" height=\"150\" ><\/a>                    <h5>\n                Bettenduerf            <\/h5>\n                <\/li><\/ul>\n<\/div><\/div><\/div><\/div><\/div><\/div><\/div><\/div><\/div><\/div><\/div>","protected":false},"excerpt":{"rendered":"<p>Vergaangen Aktivit\u00e9iten N\u00e4chst Aktivit\u00e9iten 01 Mai, 26 Wanderen Naturausflug 1. Mai 2026 Rue du Cimetiere, L-9012 Ettelbr\u00fcck 24 Mai, 26 Familljen-Aktivit\u00e9it Orchideenwanderung 24. Mai 2026 Herrenberg, Diekirch natur &amp; \u00ebmwelt Nordstad UNESCO-Weltkulturierwen Generalversammlung D&#8217;Sektioun natur&amp;\u00ebmwelt Nordstad besteet aus Fr\u00e4iw\u00ebllegen, d\u00e9i sech fir den Naturschutz an de Gemengen vun der Nordstad asetzen. Mir engag\u00e9ieren eis fir [&hellip;]<\/p>\n","protected":false},"author":1,"featured_media":0,"parent":0,"menu_order":0,"comment_status":"closed","ping_status":"closed","template":"template-home-pb.php","meta":{"footnotes":""},"class_list":["post-964","page","type-page","status-publish","hentry"],"_links":{"self":[{"href":"https:\/\/naturemwelt-nordstad.lu\/index.php\/wp-json\/wp\/v2\/pages\/964","targetHints":{"allow":["GET"]}}],"collection":[{"href":"https:\/\/naturemwelt-nordstad.lu\/index.php\/wp-json\/wp\/v2\/pages"}],"about":[{"href":"https:\/\/naturemwelt-nordstad.lu\/index.php\/wp-json\/wp\/v2\/types\/page"}],"author":[{"embeddable":true,"href":"https:\/\/naturemwelt-nordstad.lu\/index.php\/wp-json\/wp\/v2\/users\/1"}],"replies":[{"embeddable":true,"href":"https:\/\/naturemwelt-nordstad.lu\/index.php\/wp-json\/wp\/v2\/comments?post=964"}],"version-history":[{"count":198,"href":"https:\/\/naturemwelt-nordstad.lu\/index.php\/wp-json\/wp\/v2\/pages\/964\/revisions"}],"predecessor-version":[{"id":3774,"href":"https:\/\/naturemwelt-nordstad.lu\/index.php\/wp-json\/wp\/v2\/pages\/964\/revisions\/3774"}],"wp:attachment":[{"href":"https:\/\/naturemwelt-nordstad.lu\/index.php\/wp-json\/wp\/v2\/media?parent=964"}],"curies":[{"name":"wp","href":"https:\/\/api.w.org\/{rel}","templated":true}]}}